{"id":7,"date":"2017-08-22T17:40:38","date_gmt":"2017-08-22T15:40:38","guid":{"rendered":"https:\/\/ferien-berguen.ch\/?post_type=hb_accommodation&#038;p=7"},"modified":"2024-12-04T12:45:47","modified_gmt":"2024-12-04T11:45:47","slug":"appartement-b16","status":"publish","type":"hb_accommodation","link":"https:\/\/ferien-berguen.ch\/index.php\/wohnung\/appartement-b16\/","title":{"rendered":"Appartement B16"},"content":{"rendered":"<h2>1 1\/2 Zimmerwohnung, 2 Betten<\/h2>\n<p>Das kleine aber feine Berg\u00fcn Appartement (ca. 45 Quadratmeter), ausgestattet mit Parkettfu\u00dfboden und Fu\u00dfbodenheizung sowie exklusiven Gabbeh-Teppichen, befindet sich herrlich ruhig im Erdgeschoss gelegen, mit einem gro\u00dfen Terrassen-Sitzplatz und angrenzender riesiger umz\u00e4unter Rasenfl\u00e4che.<\/p>\n<p>Es hat eine separate, kleine K\u00fcche mit Induktionskochfeld, Backofen und Geschirrsp\u00fcler, ein Bad, ein grosses Wohnzimmer mit 2 Schrankbetten (normale Betten zum herunterklappen).<\/p>\n<p>Aufbettung auf bis zu 3 Personen m\u00f6glich.<\/p>\n<p>Im Wohnzimmer befindet sich ein offener Kamin (Cheminee).<\/p>\n<p>WLAN, Fernseher, CD Player, Garage und Lift sind vorhanden.<br \/>Die Wohnung ist rollstuhlg\u00e4ngig. Haustiere auf Anfrage.<\/p>\n<p>Es besteht die M\u00f6glichkeit, das danebenliegende Appartement B17 mit dazu zu buchen. Ideal f\u00fcr Familien oder Freunde.<\/p>\n<h2>Weitere Fotos<\/h2>\n<div class=\"gallery-1 gallery-wrapper columns-wrapper\"><div class=\"gallery-column\"><a class=\"gallery-item photoswipe-item\" data-caption=\"B 16 Blick in das Studio \" data-width=\"2560\" data-height=\"1920\" href=\"https:\/\/ferien-berguen.ch\/wp-content\/uploads\/2017\/08\/IMG_4529-scaled.jpg\"><img decoding=\"async\" class=\"gallery-img-desktop\" src=\"https:\/\/ferien-berguen.ch\/wp-content\/uploads\/2017\/08\/IMG_4529-scaled-550x309.jpg\" alt=\"\" \/><img decoding=\"async\" class=\"gallery-img-mobile\" src=\"https:\/\/ferien-berguen.ch\/wp-content\/uploads\/2017\/08\/IMG_4529-scaled-500x500.jpg\" alt=\"\" \/><div class=\"gallery-enlarge\"><\/div><\/a><\/div><div class=\"gallery-column\"><a class=\"gallery-item photoswipe-item\" data-caption=\"B 16 Schlafsofa\" data-width=\"2560\" data-height=\"1920\" href=\"https:\/\/ferien-berguen.ch\/wp-content\/uploads\/2017\/08\/IMG_4545-scaled.jpg\"><img decoding=\"async\" class=\"gallery-img-desktop\" src=\"https:\/\/ferien-berguen.ch\/wp-content\/uploads\/2017\/08\/IMG_4545-scaled-550x309.jpg\" alt=\"\" \/><img decoding=\"async\" class=\"gallery-img-mobile\" src=\"https:\/\/ferien-berguen.ch\/wp-content\/uploads\/2017\/08\/IMG_4545-scaled-500x500.jpg\" alt=\"\" \/><div class=\"gallery-enlarge\"><\/div><\/a><\/div><div class=\"gallery-column\"><a class=\"gallery-item photoswipe-item\" data-caption=\"B 16 Sideborad mit Fernsehn \" data-width=\"2560\" data-height=\"1920\" href=\"https:\/\/ferien-berguen.ch\/wp-content\/uploads\/2017\/08\/IMG_4598-scaled.jpg\"><img decoding=\"async\" class=\"gallery-img-desktop\" src=\"https:\/\/ferien-berguen.ch\/wp-content\/uploads\/2017\/08\/IMG_4598-scaled-550x309.jpg\" alt=\"\" \/><img decoding=\"async\" class=\"gallery-img-mobile\" src=\"https:\/\/ferien-berguen.ch\/wp-content\/uploads\/2017\/08\/IMG_4598-scaled-500x500.jpg\" alt=\"\" \/><div class=\"gallery-enlarge\"><\/div><\/a><\/div><div class=\"gallery-column\"><a class=\"gallery-item photoswipe-item\" data-caption=\"B 16 Sofa und Esstisch\" data-width=\"2560\" data-height=\"1920\" href=\"https:\/\/ferien-berguen.ch\/wp-content\/uploads\/2017\/08\/IMG_4583-scaled.jpg\"><img decoding=\"async\" class=\"gallery-img-desktop\" src=\"https:\/\/ferien-berguen.ch\/wp-content\/uploads\/2017\/08\/IMG_4583-scaled-550x309.jpg\" alt=\"\" \/><img decoding=\"async\" class=\"gallery-img-mobile\" src=\"https:\/\/ferien-berguen.ch\/wp-content\/uploads\/2017\/08\/IMG_4583-scaled-500x500.jpg\" alt=\"\" \/><div class=\"gallery-enlarge\"><\/div><\/a><\/div><div class=\"gallery-column\"><a class=\"gallery-item photoswipe-item\" data-caption=\"B 16 Blick aus dem Studio\" data-width=\"2560\" data-height=\"1920\" href=\"https:\/\/ferien-berguen.ch\/wp-content\/uploads\/2017\/08\/IMG_4611-scaled.jpg\"><img decoding=\"async\" class=\"gallery-img-desktop\" src=\"https:\/\/ferien-berguen.ch\/wp-content\/uploads\/2017\/08\/IMG_4611-scaled-550x309.jpg\" alt=\"\" \/><img decoding=\"async\" class=\"gallery-img-mobile\" src=\"https:\/\/ferien-berguen.ch\/wp-content\/uploads\/2017\/08\/IMG_4611-scaled-500x500.jpg\" alt=\"\" \/><div class=\"gallery-enlarge\"><\/div><\/a><\/div><div class=\"gallery-column\"><a class=\"gallery-item photoswipe-item\" data-caption=\"B 16 Chemin\u00e9e\" data-width=\"2560\" data-height=\"1920\" href=\"https:\/\/ferien-berguen.ch\/wp-content\/uploads\/2017\/08\/IMG_4596-scaled.jpg\"><img decoding=\"async\" class=\"gallery-img-desktop\" src=\"https:\/\/ferien-berguen.ch\/wp-content\/uploads\/2017\/08\/IMG_4596-scaled-550x309.jpg\" alt=\"\" \/><img decoding=\"async\" class=\"gallery-img-mobile\" src=\"https:\/\/ferien-berguen.ch\/wp-content\/uploads\/2017\/08\/IMG_4596-scaled-500x500.jpg\" alt=\"\" \/><div class=\"gallery-enlarge\"><\/div><\/a><\/div><div class=\"gallery-column\"><a class=\"gallery-item photoswipe-item\" data-caption=\"B16 Esstisch\" data-width=\"1920\" data-height=\"2560\" href=\"https:\/\/ferien-berguen.ch\/wp-content\/uploads\/2020\/08\/IMG_4260-scaled.jpg\"><img decoding=\"async\" class=\"gallery-img-desktop\" src=\"https:\/\/ferien-berguen.ch\/wp-content\/uploads\/2020\/08\/IMG_4260-scaled-550x309.jpg\" alt=\"\" \/><img decoding=\"async\" class=\"gallery-img-mobile\" src=\"https:\/\/ferien-berguen.ch\/wp-content\/uploads\/2020\/08\/IMG_4260-scaled-500x500.jpg\" alt=\"\" \/><div class=\"gallery-enlarge\"><\/div><\/a><\/div><div class=\"gallery-column\"><a class=\"gallery-item photoswipe-item\" data-caption=\"B 16 Schrankbetten\" data-width=\"2560\" data-height=\"1920\" href=\"https:\/\/ferien-berguen.ch\/wp-content\/uploads\/2017\/08\/IMG_4622-scaled.jpg\"><img decoding=\"async\" class=\"gallery-img-desktop\" src=\"https:\/\/ferien-berguen.ch\/wp-content\/uploads\/2017\/08\/IMG_4622-scaled-550x309.jpg\" alt=\"\" \/><img decoding=\"async\" class=\"gallery-img-mobile\" src=\"https:\/\/ferien-berguen.ch\/wp-content\/uploads\/2017\/08\/IMG_4622-scaled-500x500.jpg\" alt=\"\" \/><div class=\"gallery-enlarge\"><\/div><\/a><\/div><div class=\"gallery-column\"><a class=\"gallery-item photoswipe-item\" data-caption=\"B 16 Badezimmer\" data-width=\"1920\" data-height=\"2560\" href=\"https:\/\/ferien-berguen.ch\/wp-content\/uploads\/2017\/08\/IMG_4322-scaled.jpeg\"><img decoding=\"async\" class=\"gallery-img-desktop\" src=\"https:\/\/ferien-berguen.ch\/wp-content\/uploads\/2017\/08\/IMG_4322-scaled-550x309.jpeg\" alt=\"\" \/><img decoding=\"async\" class=\"gallery-img-mobile\" src=\"https:\/\/ferien-berguen.ch\/wp-content\/uploads\/2017\/08\/IMG_4322-scaled-500x500.jpeg\" alt=\"\" \/><div class=\"gallery-enlarge\"><\/div><\/a><\/div><div class=\"gallery-column\"><a class=\"gallery-item photoswipe-item\" data-caption=\"B 16 voll ausgestattete K\u00fcche\" data-width=\"2560\" data-height=\"1272\" href=\"https:\/\/ferien-berguen.ch\/wp-content\/uploads\/2024\/01\/PXL_20240106_1445019104-scaled.jpeg\"><img decoding=\"async\" class=\"gallery-img-desktop\" src=\"https:\/\/ferien-berguen.ch\/wp-content\/uploads\/2024\/01\/PXL_20240106_1445019104-scaled-550x309.jpeg\" alt=\"\" \/><img decoding=\"async\" class=\"gallery-img-mobile\" src=\"https:\/\/ferien-berguen.ch\/wp-content\/uploads\/2024\/01\/PXL_20240106_1445019104-scaled-500x500.jpeg\" alt=\"\" \/><div class=\"gallery-enlarge\"><\/div><\/a><\/div><div class=\"gallery-column\"><a class=\"gallery-item photoswipe-item\" data-caption=\"B16 K\u00fcche mit allen was man so braucht.\" data-width=\"2560\" data-height=\"1533\" href=\"https:\/\/ferien-berguen.ch\/wp-content\/uploads\/2024\/01\/PXL_20240106_144401102.MP3-scaled.jpeg\"><img decoding=\"async\" class=\"gallery-img-desktop\" src=\"https:\/\/ferien-berguen.ch\/wp-content\/uploads\/2024\/01\/PXL_20240106_144401102.MP3-scaled-550x309.jpeg\" alt=\"\" \/><img decoding=\"async\" class=\"gallery-img-mobile\" src=\"https:\/\/ferien-berguen.ch\/wp-content\/uploads\/2024\/01\/PXL_20240106_144401102.MP3-scaled-500x500.jpeg\" alt=\"\" \/><div class=\"gallery-enlarge\"><\/div><\/a><\/div><div class=\"gallery-column\"><a class=\"gallery-item photoswipe-item\" data-caption=\"B16 Blick aus der K\u00fcche in Studio.\" data-width=\"2560\" data-height=\"1455\" href=\"https:\/\/ferien-berguen.ch\/wp-content\/uploads\/2024\/01\/PXL_20240106_1432037804-scaled.jpeg\"><img decoding=\"async\" class=\"gallery-img-desktop\" src=\"https:\/\/ferien-berguen.ch\/wp-content\/uploads\/2024\/01\/PXL_20240106_1432037804-scaled-550x309.jpeg\" alt=\"\" \/><img decoding=\"async\" class=\"gallery-img-mobile\" src=\"https:\/\/ferien-berguen.ch\/wp-content\/uploads\/2024\/01\/PXL_20240106_1432037804-scaled-500x500.jpeg\" alt=\"\" \/><div class=\"gallery-enlarge\"><\/div><\/a><\/div><style type=\"text\/css\">.gallery-1 .gallery-column { width: 33.33%; padding-bottom: 18.75%; }.gallery-1 { margin-left: -0px; margin-right: -0px; }.gallery-1 .gallery-item {bottom: 0px;left: 0px;right: 0px;top: 0px;}<\/style><\/div>\n\n\n<p><\/p>\n","protected":false},"excerpt":{"rendered":"<p>1 1\/2 Zimmerwohnung, 2 Betten Das kleine aber feine Berg\u00fcn Appartement (ca. 45 Quadratmeter), ausgestattet mit Parkettfu\u00dfboden und Fu\u00dfbodenheizung sowie exklusiven Gabbeh-Teppichen, befindet sich herrlich ruhig im Erdgeschoss gelegen, mit einem gro\u00dfen Terrassen-Sitzplatz und angrenzender riesiger umz\u00e4unter Rasenfl\u00e4che. Es hat eine separate, kleine K\u00fcche mit Induktionskochfeld, Backofen und Geschirrsp\u00fcler, ein Bad, ein grosses Wohnzimmer mit [&hellip;]<\/p>\n","protected":false},"featured_media":20071,"template":"","class_list":["post-7","hb_accommodation","type-hb_accommodation","status-publish","has-post-thumbnail","hentry"],"yoast_head":"<!-- This site is optimized with the Yoast SEO plugin v23.5 - https:\/\/yoast.com\/wordpress\/plugins\/seo\/ -->\n<title>Appartement B16 - Ferien Berg\u00fcn<\/title>\n<meta name=\"robots\" content=\"index, follow, max-snippet:-1, max-image-preview:large, max-video-preview:-1\" \/>\n<link rel=\"canonical\" href=\"https:\/\/ferien-berguen.ch\/index.php\/wohnung\/appartement-b16\/\" \/>\n<meta property=\"og:locale\" content=\"de_DE\" \/>\n<meta property=\"og:type\" content=\"article\" \/>\n<meta property=\"og:title\" content=\"Appartement B16 - Ferien Berg\u00fcn\" \/>\n<meta property=\"og:description\" content=\"1 1\/2 Zimmerwohnung, 2 Betten Das kleine aber feine Berg\u00fcn Appartement (ca. 45 Quadratmeter), ausgestattet mit Parkettfu\u00dfboden und Fu\u00dfbodenheizung sowie exklusiven Gabbeh-Teppichen, befindet sich herrlich ruhig im Erdgeschoss gelegen, mit einem gro\u00dfen Terrassen-Sitzplatz und angrenzender riesiger umz\u00e4unter Rasenfl\u00e4che. Es hat eine separate, kleine K\u00fcche mit Induktionskochfeld, Backofen und Geschirrsp\u00fcler, ein Bad, ein grosses Wohnzimmer mit [&hellip;]\" \/>\n<meta property=\"og:url\" content=\"https:\/\/ferien-berguen.ch\/index.php\/wohnung\/appartement-b16\/\" \/>\n<meta property=\"og:site_name\" content=\"Ferien Berg\u00fcn\" \/>\n<meta property=\"article:modified_time\" content=\"2024-12-04T11:45:47+00:00\" \/>\n<meta property=\"og:image\" content=\"https:\/\/ferien-berguen.ch\/wp-content\/uploads\/2023\/06\/IMG_4529-scaled.jpg\" \/>\n\t<meta property=\"og:image:width\" content=\"2560\" \/>\n\t<meta property=\"og:image:height\" content=\"1920\" \/>\n\t<meta property=\"og:image:type\" content=\"image\/jpeg\" \/>\n<meta name=\"twitter:card\" content=\"summary_large_image\" \/>\n<meta name=\"twitter:label1\" content=\"Gesch\u00e4tzte Lesezeit\" \/>\n\t<meta name=\"twitter:data1\" content=\"1\u00a0Minute\" \/>\n<script type=\"application\/ld+json\" class=\"yoast-schema-graph\">{\"@context\":\"https:\/\/schema.org\",\"@graph\":[{\"@type\":\"WebPage\",\"@id\":\"https:\/\/ferien-berguen.ch\/index.php\/wohnung\/appartement-b16\/\",\"url\":\"https:\/\/ferien-berguen.ch\/index.php\/wohnung\/appartement-b16\/\",\"name\":\"Appartement B16 - Ferien Berg\u00fcn\",\"isPartOf\":{\"@id\":\"https:\/\/ferien-berguen.ch\/#website\"},\"primaryImageOfPage\":{\"@id\":\"https:\/\/ferien-berguen.ch\/index.php\/wohnung\/appartement-b16\/#primaryimage\"},\"image\":{\"@id\":\"https:\/\/ferien-berguen.ch\/index.php\/wohnung\/appartement-b16\/#primaryimage\"},\"thumbnailUrl\":\"https:\/\/ferien-berguen.ch\/wp-content\/uploads\/2023\/06\/IMG_4529-scaled.jpg\",\"datePublished\":\"2017-08-22T15:40:38+00:00\",\"dateModified\":\"2024-12-04T11:45:47+00:00\",\"breadcrumb\":{\"@id\":\"https:\/\/ferien-berguen.ch\/index.php\/wohnung\/appartement-b16\/#breadcrumb\"},\"inLanguage\":\"de\",\"potentialAction\":[{\"@type\":\"ReadAction\",\"target\":[\"https:\/\/ferien-berguen.ch\/index.php\/wohnung\/appartement-b16\/\"]}]},{\"@type\":\"ImageObject\",\"inLanguage\":\"de\",\"@id\":\"https:\/\/ferien-berguen.ch\/index.php\/wohnung\/appartement-b16\/#primaryimage\",\"url\":\"https:\/\/ferien-berguen.ch\/wp-content\/uploads\/2023\/06\/IMG_4529-scaled.jpg\",\"contentUrl\":\"https:\/\/ferien-berguen.ch\/wp-content\/uploads\/2023\/06\/IMG_4529-scaled.jpg\",\"width\":2560,\"height\":1920,\"caption\":\"B16 mit Schrankbett\"},{\"@type\":\"BreadcrumbList\",\"@id\":\"https:\/\/ferien-berguen.ch\/index.php\/wohnung\/appartement-b16\/#breadcrumb\",\"itemListElement\":[{\"@type\":\"ListItem\",\"position\":1,\"name\":\"Startseite\",\"item\":\"https:\/\/ferien-berguen.ch\/\"},{\"@type\":\"ListItem\",\"position\":2,\"name\":\"Unterkunft\",\"item\":\"https:\/\/ferien-berguen.ch\/index.php\/wohnung\/\"},{\"@type\":\"ListItem\",\"position\":3,\"name\":\"Appartement B16\"}]},{\"@type\":\"WebSite\",\"@id\":\"https:\/\/ferien-berguen.ch\/#website\",\"url\":\"https:\/\/ferien-berguen.ch\/\",\"name\":\"Ferien Berg\u00fcn\",\"description\":\"Ferienwohnung in der Schweiz von privat mieten\",\"publisher\":{\"@id\":\"https:\/\/ferien-berguen.ch\/#organization\"},\"potentialAction\":[{\"@type\":\"SearchAction\",\"target\":{\"@type\":\"EntryPoint\",\"urlTemplate\":\"https:\/\/ferien-berguen.ch\/?s={search_term_string}\"},\"query-input\":{\"@type\":\"PropertyValueSpecification\",\"valueRequired\":true,\"valueName\":\"search_term_string\"}}],\"inLanguage\":\"de\"},{\"@type\":\"Organization\",\"@id\":\"https:\/\/ferien-berguen.ch\/#organization\",\"name\":\"Ferien Berg\u00fcn\",\"url\":\"https:\/\/ferien-berguen.ch\/\",\"logo\":{\"@type\":\"ImageObject\",\"inLanguage\":\"de\",\"@id\":\"https:\/\/ferien-berguen.ch\/#\/schema\/logo\/image\/\",\"url\":\"https:\/\/ferien-berguen.ch\/wp-content\/uploads\/2017\/09\/f535cbe0-5bd7-479f-b0c9-c1f174eba5c9.png\",\"contentUrl\":\"https:\/\/ferien-berguen.ch\/wp-content\/uploads\/2017\/09\/f535cbe0-5bd7-479f-b0c9-c1f174eba5c9.png\",\"width\":200,\"height\":200,\"caption\":\"Ferien Berg\u00fcn\"},\"image\":{\"@id\":\"https:\/\/ferien-berguen.ch\/#\/schema\/logo\/image\/\"}}]}<\/script>\n<!-- \/ Yoast SEO plugin. -->","yoast_head_json":{"title":"Appartement B16 - Ferien Berg\u00fcn","robots":{"index":"index","follow":"follow","max-snippet":"max-snippet:-1","max-image-preview":"max-image-preview:large","max-video-preview":"max-video-preview:-1"},"canonical":"https:\/\/ferien-berguen.ch\/index.php\/wohnung\/appartement-b16\/","og_locale":"de_DE","og_type":"article","og_title":"Appartement B16 - Ferien Berg\u00fcn","og_description":"1 1\/2 Zimmerwohnung, 2 Betten Das kleine aber feine Berg\u00fcn Appartement (ca. 45 Quadratmeter), ausgestattet mit Parkettfu\u00dfboden und Fu\u00dfbodenheizung sowie exklusiven Gabbeh-Teppichen, befindet sich herrlich ruhig im Erdgeschoss gelegen, mit einem gro\u00dfen Terrassen-Sitzplatz und angrenzender riesiger umz\u00e4unter Rasenfl\u00e4che. Es hat eine separate, kleine K\u00fcche mit Induktionskochfeld, Backofen und Geschirrsp\u00fcler, ein Bad, ein grosses Wohnzimmer mit [&hellip;]","og_url":"https:\/\/ferien-berguen.ch\/index.php\/wohnung\/appartement-b16\/","og_site_name":"Ferien Berg\u00fcn","article_modified_time":"2024-12-04T11:45:47+00:00","og_image":[{"width":2560,"height":1920,"url":"https:\/\/ferien-berguen.ch\/wp-content\/uploads\/2023\/06\/IMG_4529-scaled.jpg","type":"image\/jpeg"}],"twitter_card":"summary_large_image","twitter_misc":{"Gesch\u00e4tzte Lesezeit":"1\u00a0Minute"},"schema":{"@context":"https:\/\/schema.org","@graph":[{"@type":"WebPage","@id":"https:\/\/ferien-berguen.ch\/index.php\/wohnung\/appartement-b16\/","url":"https:\/\/ferien-berguen.ch\/index.php\/wohnung\/appartement-b16\/","name":"Appartement B16 - Ferien Berg\u00fcn","isPartOf":{"@id":"https:\/\/ferien-berguen.ch\/#website"},"primaryImageOfPage":{"@id":"https:\/\/ferien-berguen.ch\/index.php\/wohnung\/appartement-b16\/#primaryimage"},"image":{"@id":"https:\/\/ferien-berguen.ch\/index.php\/wohnung\/appartement-b16\/#primaryimage"},"thumbnailUrl":"https:\/\/ferien-berguen.ch\/wp-content\/uploads\/2023\/06\/IMG_4529-scaled.jpg","datePublished":"2017-08-22T15:40:38+00:00","dateModified":"2024-12-04T11:45:47+00:00","breadcrumb":{"@id":"https:\/\/ferien-berguen.ch\/index.php\/wohnung\/appartement-b16\/#breadcrumb"},"inLanguage":"de","potentialAction":[{"@type":"ReadAction","target":["https:\/\/ferien-berguen.ch\/index.php\/wohnung\/appartement-b16\/"]}]},{"@type":"ImageObject","inLanguage":"de","@id":"https:\/\/ferien-berguen.ch\/index.php\/wohnung\/appartement-b16\/#primaryimage","url":"https:\/\/ferien-berguen.ch\/wp-content\/uploads\/2023\/06\/IMG_4529-scaled.jpg","contentUrl":"https:\/\/ferien-berguen.ch\/wp-content\/uploads\/2023\/06\/IMG_4529-scaled.jpg","width":2560,"height":1920,"caption":"B16 mit Schrankbett"},{"@type":"BreadcrumbList","@id":"https:\/\/ferien-berguen.ch\/index.php\/wohnung\/appartement-b16\/#breadcrumb","itemListElement":[{"@type":"ListItem","position":1,"name":"Startseite","item":"https:\/\/ferien-berguen.ch\/"},{"@type":"ListItem","position":2,"name":"Unterkunft","item":"https:\/\/ferien-berguen.ch\/index.php\/wohnung\/"},{"@type":"ListItem","position":3,"name":"Appartement B16"}]},{"@type":"WebSite","@id":"https:\/\/ferien-berguen.ch\/#website","url":"https:\/\/ferien-berguen.ch\/","name":"Ferien Berg\u00fcn","description":"Ferienwohnung in der Schweiz von privat mieten","publisher":{"@id":"https:\/\/ferien-berguen.ch\/#organization"},"potentialAction":[{"@type":"SearchAction","target":{"@type":"EntryPoint","urlTemplate":"https:\/\/ferien-berguen.ch\/?s={search_term_string}"},"query-input":{"@type":"PropertyValueSpecification","valueRequired":true,"valueName":"search_term_string"}}],"inLanguage":"de"},{"@type":"Organization","@id":"https:\/\/ferien-berguen.ch\/#organization","name":"Ferien Berg\u00fcn","url":"https:\/\/ferien-berguen.ch\/","logo":{"@type":"ImageObject","inLanguage":"de","@id":"https:\/\/ferien-berguen.ch\/#\/schema\/logo\/image\/","url":"https:\/\/ferien-berguen.ch\/wp-content\/uploads\/2017\/09\/f535cbe0-5bd7-479f-b0c9-c1f174eba5c9.png","contentUrl":"https:\/\/ferien-berguen.ch\/wp-content\/uploads\/2017\/09\/f535cbe0-5bd7-479f-b0c9-c1f174eba5c9.png","width":200,"height":200,"caption":"Ferien Berg\u00fcn"},"image":{"@id":"https:\/\/ferien-berguen.ch\/#\/schema\/logo\/image\/"}}]}},"_links":{"self":[{"href":"https:\/\/ferien-berguen.ch\/index.php\/wp-json\/wp\/v2\/hb_accommodation\/7","targetHints":{"allow":["GET"]}}],"collection":[{"href":"https:\/\/ferien-berguen.ch\/index.php\/wp-json\/wp\/v2\/hb_accommodation"}],"about":[{"href":"https:\/\/ferien-berguen.ch\/index.php\/wp-json\/wp\/v2\/types\/hb_accommodation"}],"version-history":[{"count":15,"href":"https:\/\/ferien-berguen.ch\/index.php\/wp-json\/wp\/v2\/hb_accommodation\/7\/revisions"}],"predecessor-version":[{"id":20648,"href":"https:\/\/ferien-berguen.ch\/index.php\/wp-json\/wp\/v2\/hb_accommodation\/7\/revisions\/20648"}],"wp:featuredmedia":[{"embeddable":true,"href":"https:\/\/ferien-berguen.ch\/index.php\/wp-json\/wp\/v2\/media\/20071"}],"wp:attachment":[{"href":"https:\/\/ferien-berguen.ch\/index.php\/wp-json\/wp\/v2\/media?parent=7"}],"curies":[{"name":"wp","href":"https:\/\/api.w.org\/{rel}","templated":true}]}}