{"id":8,"date":"2017-08-22T17:45:40","date_gmt":"2017-08-22T15:45:40","guid":{"rendered":"https:\/\/ferien-berguen.ch\/?post_type=hb_accommodation&#038;p=8"},"modified":"2026-01-19T12:16:28","modified_gmt":"2026-01-19T11:16:28","slug":"appartement-b17","status":"publish","type":"hb_accommodation","link":"https:\/\/ferien-berguen.ch\/index.php\/wohnung\/appartement-b17\/","title":{"rendered":"Appartement B17"},"content":{"rendered":"<h2><b>2,5 <\/b>Zimmerwohnung<b>, 4 Betten<\/b><\/h2>\n<p>Die gro\u00dfe, gem\u00fctliche Ferienwohnung f\u00fcr 2 Erwachsene und 1 Kind (ca. 66 Quadratmeter) befindet sich herrlich ruhig im Erdgeschoss gelegen, mit einem gro\u00dfen Terrassen-Sitzplatz und angrenzender riesiger umz\u00e4unter Rasenfl\u00e4che.<\/p>\n<p>Es gibt ein separates Schlafzimmer, ein gro\u00dfes Wohnzimmer mit 1 Schrankbett (normales Bett zum herunterklappen), eine offene, voll ausgestattete K\u00fcche mit Geschirrsp\u00fcler, Backofen, Raclette, Fondue, etc., ein Bad. Im Wohnzimmer machen Sie es sich auf der Ledergarnitur\u00a0 und vor dem offenen Kamin gem\u00fctlich.<\/p>\n<p>WLAN, Fernseher, CD Player, Garage und ein Lift sind vorhanden.<br \/>\nDie g<span class=\"wpseo-score-text\">ro\u00dfe gem\u00fctliche Ferienwohnung f\u00fcr bis zu 3 Personen <\/span>ist auch f\u00fcr Gehbehinderte gut geeignet. Es besteht die M\u00f6glichkeit, das daneben liegende Appartement B16 mit dazu zu buchen. Ideal f\u00fcr Familien oder Freunde.<\/p>\n<p>Haustiere auf Anfrage.<\/p>\n<div class=\"gallery-1 gallery-wrapper columns-wrapper\"><div class=\"gallery-column\"><a class=\"gallery-item photoswipe-item\" data-caption=\"Blick in das Appartement\" data-width=\"2560\" data-height=\"1920\" href=\"https:\/\/ferien-berguen.ch\/wp-content\/uploads\/2017\/08\/IMG_4640-1-scaled.jpg\"><img decoding=\"async\" class=\"gallery-img-desktop\" src=\"https:\/\/ferien-berguen.ch\/wp-content\/uploads\/2017\/08\/IMG_4640-1-scaled-550x309.jpg\" alt=\"\" \/><img decoding=\"async\" class=\"gallery-img-mobile\" src=\"https:\/\/ferien-berguen.ch\/wp-content\/uploads\/2017\/08\/IMG_4640-1-scaled-500x500.jpg\" alt=\"\" \/><div class=\"gallery-enlarge\"><\/div><\/a><\/div><div class=\"gallery-column\"><a class=\"gallery-item photoswipe-item\" data-caption=\"B 17\" data-width=\"2560\" data-height=\"1920\" href=\"https:\/\/ferien-berguen.ch\/wp-content\/uploads\/2017\/08\/IMG_4678-1-scaled.jpg\"><img decoding=\"async\" class=\"gallery-img-desktop\" src=\"https:\/\/ferien-berguen.ch\/wp-content\/uploads\/2017\/08\/IMG_4678-1-scaled-550x309.jpg\" alt=\"\" \/><img decoding=\"async\" class=\"gallery-img-mobile\" src=\"https:\/\/ferien-berguen.ch\/wp-content\/uploads\/2017\/08\/IMG_4678-1-scaled-500x500.jpg\" alt=\"\" \/><div class=\"gallery-enlarge\"><\/div><\/a><\/div><div class=\"gallery-column\"><a class=\"gallery-item photoswipe-item\" data-caption=\"B 17\" data-width=\"2560\" data-height=\"1920\" href=\"https:\/\/ferien-berguen.ch\/wp-content\/uploads\/2017\/08\/IMG_4645-1-scaled.jpg\"><img decoding=\"async\" class=\"gallery-img-desktop\" src=\"https:\/\/ferien-berguen.ch\/wp-content\/uploads\/2017\/08\/IMG_4645-1-scaled-550x309.jpg\" alt=\"\" \/><img decoding=\"async\" class=\"gallery-img-mobile\" src=\"https:\/\/ferien-berguen.ch\/wp-content\/uploads\/2017\/08\/IMG_4645-1-scaled-500x500.jpg\" alt=\"\" \/><div class=\"gallery-enlarge\"><\/div><\/a><\/div><div class=\"gallery-column\"><a class=\"gallery-item photoswipe-item\" data-caption=\"B 17\" data-width=\"1920\" data-height=\"2560\" href=\"https:\/\/ferien-berguen.ch\/wp-content\/uploads\/2017\/08\/IMG_4689-1-scaled.jpg\"><img decoding=\"async\" class=\"gallery-img-desktop\" src=\"https:\/\/ferien-berguen.ch\/wp-content\/uploads\/2017\/08\/IMG_4689-1-scaled-550x309.jpg\" alt=\"\" \/><img decoding=\"async\" class=\"gallery-img-mobile\" src=\"https:\/\/ferien-berguen.ch\/wp-content\/uploads\/2017\/08\/IMG_4689-1-scaled-500x500.jpg\" alt=\"\" \/><div class=\"gallery-enlarge\"><\/div><\/a><\/div><div class=\"gallery-column\"><a class=\"gallery-item photoswipe-item\" data-caption=\"Sitzecke\" data-width=\"2560\" data-height=\"1920\" href=\"https:\/\/ferien-berguen.ch\/wp-content\/uploads\/2017\/08\/IMG_4649-1-scaled.jpg\"><img decoding=\"async\" class=\"gallery-img-desktop\" src=\"https:\/\/ferien-berguen.ch\/wp-content\/uploads\/2017\/08\/IMG_4649-1-scaled-550x309.jpg\" alt=\"\" \/><img decoding=\"async\" class=\"gallery-img-mobile\" src=\"https:\/\/ferien-berguen.ch\/wp-content\/uploads\/2017\/08\/IMG_4649-1-scaled-500x500.jpg\" alt=\"\" \/><div class=\"gallery-enlarge\"><\/div><\/a><\/div><div class=\"gallery-column\"><a class=\"gallery-item photoswipe-item\" data-caption=\"Kommode und Esstisch\" data-width=\"2560\" data-height=\"1920\" href=\"https:\/\/ferien-berguen.ch\/wp-content\/uploads\/2017\/08\/IMG_4660-scaled.jpg\"><img decoding=\"async\" class=\"gallery-img-desktop\" src=\"https:\/\/ferien-berguen.ch\/wp-content\/uploads\/2017\/08\/IMG_4660-scaled-550x309.jpg\" alt=\"\" \/><img decoding=\"async\" class=\"gallery-img-mobile\" src=\"https:\/\/ferien-berguen.ch\/wp-content\/uploads\/2017\/08\/IMG_4660-scaled-500x500.jpg\" alt=\"\" \/><div class=\"gallery-enlarge\"><\/div><\/a><\/div><div class=\"gallery-column\"><a class=\"gallery-item photoswipe-item\" data-caption=\"offener K\u00fcchenbereich\" data-width=\"2560\" data-height=\"1920\" href=\"https:\/\/ferien-berguen.ch\/wp-content\/uploads\/2017\/08\/IMG_4661-scaled.jpg\"><img decoding=\"async\" class=\"gallery-img-desktop\" src=\"https:\/\/ferien-berguen.ch\/wp-content\/uploads\/2017\/08\/IMG_4661-scaled-550x309.jpg\" alt=\"\" \/><img decoding=\"async\" class=\"gallery-img-mobile\" src=\"https:\/\/ferien-berguen.ch\/wp-content\/uploads\/2017\/08\/IMG_4661-scaled-500x500.jpg\" alt=\"\" \/><div class=\"gallery-enlarge\"><\/div><\/a><\/div><div class=\"gallery-column\"><a class=\"gallery-item photoswipe-item\" data-caption=\"Sitzgarintur\" data-width=\"2560\" data-height=\"1920\" href=\"https:\/\/ferien-berguen.ch\/wp-content\/uploads\/2017\/08\/IMG_4683-2-scaled.jpg\"><img decoding=\"async\" class=\"gallery-img-desktop\" src=\"https:\/\/ferien-berguen.ch\/wp-content\/uploads\/2017\/08\/IMG_4683-2-scaled-550x309.jpg\" alt=\"\" \/><img decoding=\"async\" class=\"gallery-img-mobile\" src=\"https:\/\/ferien-berguen.ch\/wp-content\/uploads\/2017\/08\/IMG_4683-2-scaled-500x500.jpg\" alt=\"\" \/><div class=\"gallery-enlarge\"><\/div><\/a><\/div><div class=\"gallery-column\"><a class=\"gallery-item photoswipe-item\" data-caption=\"Wohnzimmer mit Blick in den Garten\" data-width=\"2560\" data-height=\"1920\" href=\"https:\/\/ferien-berguen.ch\/wp-content\/uploads\/2017\/08\/IMG_4681-scaled.jpg\"><img decoding=\"async\" class=\"gallery-img-desktop\" src=\"https:\/\/ferien-berguen.ch\/wp-content\/uploads\/2017\/08\/IMG_4681-scaled-550x309.jpg\" alt=\"\" \/><img decoding=\"async\" class=\"gallery-img-mobile\" src=\"https:\/\/ferien-berguen.ch\/wp-content\/uploads\/2017\/08\/IMG_4681-scaled-500x500.jpg\" alt=\"\" \/><div class=\"gallery-enlarge\"><\/div><\/a><\/div><div class=\"gallery-column\"><a class=\"gallery-item photoswipe-item\" data-caption=\"B 17 Flur mit Kommode\" data-width=\"2560\" data-height=\"1920\" href=\"https:\/\/ferien-berguen.ch\/wp-content\/uploads\/2017\/08\/IMG_4698-1-scaled.jpg\"><img decoding=\"async\" class=\"gallery-img-desktop\" src=\"https:\/\/ferien-berguen.ch\/wp-content\/uploads\/2017\/08\/IMG_4698-1-scaled-550x309.jpg\" alt=\"\" \/><img decoding=\"async\" class=\"gallery-img-mobile\" src=\"https:\/\/ferien-berguen.ch\/wp-content\/uploads\/2017\/08\/IMG_4698-1-scaled-500x500.jpg\" alt=\"\" \/><div class=\"gallery-enlarge\"><\/div><\/a><\/div><div class=\"gallery-column\"><a class=\"gallery-item photoswipe-item\" data-caption=\"K\u00fcche mit Fenster\" data-width=\"1920\" data-height=\"2560\" href=\"https:\/\/ferien-berguen.ch\/wp-content\/uploads\/2017\/08\/IMG_4730-1-scaled.jpg\"><img decoding=\"async\" class=\"gallery-img-desktop\" src=\"https:\/\/ferien-berguen.ch\/wp-content\/uploads\/2017\/08\/IMG_4730-1-scaled-550x309.jpg\" alt=\"\" \/><img decoding=\"async\" class=\"gallery-img-mobile\" src=\"https:\/\/ferien-berguen.ch\/wp-content\/uploads\/2017\/08\/IMG_4730-1-scaled-500x500.jpg\" alt=\"\" \/><div class=\"gallery-enlarge\"><\/div><\/a><\/div><div class=\"gallery-column\"><a class=\"gallery-item photoswipe-item\" data-caption=\"B 17 Blick aus der K\u00fcche\" data-width=\"2560\" data-height=\"1920\" href=\"https:\/\/ferien-berguen.ch\/wp-content\/uploads\/2020\/08\/IMG_4471-scaled.jpg\"><img decoding=\"async\" class=\"gallery-img-desktop\" src=\"https:\/\/ferien-berguen.ch\/wp-content\/uploads\/2020\/08\/IMG_4471-scaled-550x309.jpg\" alt=\"\" \/><img decoding=\"async\" class=\"gallery-img-mobile\" src=\"https:\/\/ferien-berguen.ch\/wp-content\/uploads\/2020\/08\/IMG_4471-scaled-500x500.jpg\" alt=\"\" \/><div class=\"gallery-enlarge\"><\/div><\/a><\/div><div class=\"gallery-column\"><a class=\"gallery-item photoswipe-item\" data-caption=\"Blick in die K\u00fcche\" data-width=\"2816\" data-height=\"1799\" href=\"https:\/\/ferien-berguen.ch\/wp-content\/uploads\/2017\/09\/JD600515-3.jpg\"><img decoding=\"async\" class=\"gallery-img-desktop\" src=\"https:\/\/ferien-berguen.ch\/wp-content\/uploads\/2017\/09\/JD600515-3-550x309.jpg\" alt=\"\" \/><img decoding=\"async\" class=\"gallery-img-mobile\" src=\"https:\/\/ferien-berguen.ch\/wp-content\/uploads\/2017\/09\/JD600515-3-500x500.jpg\" alt=\"\" \/><div class=\"gallery-enlarge\"><\/div><\/a><\/div><div class=\"gallery-column\"><a class=\"gallery-item photoswipe-item\" data-caption=\"Schlafzimmer\" data-width=\"2560\" data-height=\"1920\" href=\"https:\/\/ferien-berguen.ch\/wp-content\/uploads\/2017\/08\/IMG_4736-1-scaled.jpg\"><img decoding=\"async\" class=\"gallery-img-desktop\" src=\"https:\/\/ferien-berguen.ch\/wp-content\/uploads\/2017\/08\/IMG_4736-1-scaled-550x309.jpg\" alt=\"\" \/><img decoding=\"async\" class=\"gallery-img-mobile\" src=\"https:\/\/ferien-berguen.ch\/wp-content\/uploads\/2017\/08\/IMG_4736-1-scaled-500x500.jpg\" alt=\"\" \/><div class=\"gallery-enlarge\"><\/div><\/a><\/div><div class=\"gallery-column\"><a class=\"gallery-item photoswipe-item\" data-caption=\"Blick aus dem Schlafzimmer\" data-width=\"2560\" data-height=\"1920\" href=\"https:\/\/ferien-berguen.ch\/wp-content\/uploads\/2017\/08\/IMG_4751-scaled.jpg\"><img decoding=\"async\" class=\"gallery-img-desktop\" src=\"https:\/\/ferien-berguen.ch\/wp-content\/uploads\/2017\/08\/IMG_4751-scaled-550x309.jpg\" alt=\"\" \/><img decoding=\"async\" class=\"gallery-img-mobile\" src=\"https:\/\/ferien-berguen.ch\/wp-content\/uploads\/2017\/08\/IMG_4751-scaled-500x500.jpg\" alt=\"\" \/><div class=\"gallery-enlarge\"><\/div><\/a><\/div><div class=\"gallery-column\"><a class=\"gallery-item photoswipe-item\" data-caption=\"B 17 Bad\" data-width=\"2816\" data-height=\"2112\" href=\"https:\/\/ferien-berguen.ch\/wp-content\/uploads\/2017\/08\/bad-in-der-B17.jpeg\"><img decoding=\"async\" class=\"gallery-img-desktop\" src=\"https:\/\/ferien-berguen.ch\/wp-content\/uploads\/2017\/08\/bad-in-der-B17-550x309.jpeg\" alt=\"\" \/><img decoding=\"async\" class=\"gallery-img-mobile\" src=\"https:\/\/ferien-berguen.ch\/wp-content\/uploads\/2017\/08\/bad-in-der-B17-500x500.jpeg\" alt=\"\" \/><div class=\"gallery-enlarge\"><\/div><\/a><\/div><style type=\"text\/css\">.gallery-1 .gallery-column { width: 33.33%; padding-bottom: 18.75%; }.gallery-1 { margin-left: -0px; margin-right: -0px; }.gallery-1 .gallery-item {bottom: 0px;left: 0px;right: 0px;top: 0px;}<\/style><\/div>\n","protected":false},"excerpt":{"rendered":"<p>2,5 Zimmerwohnung, 4 Betten Die gro\u00dfe, gem\u00fctliche Ferienwohnung f\u00fcr 2 Erwachsene und 1 Kind (ca. 66 Quadratmeter) befindet sich herrlich ruhig im Erdgeschoss gelegen, mit einem gro\u00dfen Terrassen-Sitzplatz und angrenzender riesiger umz\u00e4unter Rasenfl\u00e4che. Es gibt ein separates Schlafzimmer, ein gro\u00dfes Wohnzimmer mit 1 Schrankbett (normales Bett zum herunterklappen), eine offene, voll ausgestattete K\u00fcche mit Geschirrsp\u00fcler, [&hellip;]<\/p>\n","protected":false},"featured_media":20111,"template":"","class_list":["post-8","hb_accommodation","type-hb_accommodation","status-publish","has-post-thumbnail","hentry"],"yoast_head":"<!-- This site is optimized with the Yoast SEO plugin v23.5 - https:\/\/yoast.com\/wordpress\/plugins\/seo\/ -->\n<title>Appartement B17 - Ferien Berg\u00fcn<\/title>\n<meta name=\"robots\" content=\"index, follow, max-snippet:-1, max-image-preview:large, max-video-preview:-1\" \/>\n<link rel=\"canonical\" href=\"https:\/\/ferien-berguen.ch\/index.php\/wohnung\/appartement-b17\/\" \/>\n<meta property=\"og:locale\" content=\"de_DE\" \/>\n<meta property=\"og:type\" content=\"article\" \/>\n<meta property=\"og:title\" content=\"Appartement B17 - Ferien Berg\u00fcn\" \/>\n<meta property=\"og:description\" content=\"2,5 Zimmerwohnung, 4 Betten Die gro\u00dfe, gem\u00fctliche Ferienwohnung f\u00fcr 2 Erwachsene und 1 Kind (ca. 66 Quadratmeter) befindet sich herrlich ruhig im Erdgeschoss gelegen, mit einem gro\u00dfen Terrassen-Sitzplatz und angrenzender riesiger umz\u00e4unter Rasenfl\u00e4che. Es gibt ein separates Schlafzimmer, ein gro\u00dfes Wohnzimmer mit 1 Schrankbett (normales Bett zum herunterklappen), eine offene, voll ausgestattete K\u00fcche mit Geschirrsp\u00fcler, [&hellip;]\" \/>\n<meta property=\"og:url\" content=\"https:\/\/ferien-berguen.ch\/index.php\/wohnung\/appartement-b17\/\" \/>\n<meta property=\"og:site_name\" content=\"Ferien Berg\u00fcn\" \/>\n<meta property=\"article:modified_time\" content=\"2026-01-19T11:16:28+00:00\" \/>\n<meta property=\"og:image\" content=\"https:\/\/ferien-berguen.ch\/wp-content\/uploads\/2017\/08\/IMG_4661-scaled.jpg\" \/>\n\t<meta property=\"og:image:width\" content=\"2560\" \/>\n\t<meta property=\"og:image:height\" content=\"1920\" \/>\n\t<meta property=\"og:image:type\" content=\"image\/jpeg\" \/>\n<meta name=\"twitter:card\" content=\"summary_large_image\" \/>\n<meta name=\"twitter:label1\" content=\"Gesch\u00e4tzte Lesezeit\" \/>\n\t<meta name=\"twitter:data1\" content=\"1\u00a0Minute\" \/>\n<script type=\"application\/ld+json\" class=\"yoast-schema-graph\">{\"@context\":\"https:\/\/schema.org\",\"@graph\":[{\"@type\":\"WebPage\",\"@id\":\"https:\/\/ferien-berguen.ch\/index.php\/wohnung\/appartement-b17\/\",\"url\":\"https:\/\/ferien-berguen.ch\/index.php\/wohnung\/appartement-b17\/\",\"name\":\"Appartement B17 - Ferien Berg\u00fcn\",\"isPartOf\":{\"@id\":\"https:\/\/ferien-berguen.ch\/#website\"},\"primaryImageOfPage\":{\"@id\":\"https:\/\/ferien-berguen.ch\/index.php\/wohnung\/appartement-b17\/#primaryimage\"},\"image\":{\"@id\":\"https:\/\/ferien-berguen.ch\/index.php\/wohnung\/appartement-b17\/#primaryimage\"},\"thumbnailUrl\":\"https:\/\/ferien-berguen.ch\/wp-content\/uploads\/2017\/08\/IMG_4661-scaled.jpg\",\"datePublished\":\"2017-08-22T15:45:40+00:00\",\"dateModified\":\"2026-01-19T11:16:28+00:00\",\"breadcrumb\":{\"@id\":\"https:\/\/ferien-berguen.ch\/index.php\/wohnung\/appartement-b17\/#breadcrumb\"},\"inLanguage\":\"de\",\"potentialAction\":[{\"@type\":\"ReadAction\",\"target\":[\"https:\/\/ferien-berguen.ch\/index.php\/wohnung\/appartement-b17\/\"]}]},{\"@type\":\"ImageObject\",\"inLanguage\":\"de\",\"@id\":\"https:\/\/ferien-berguen.ch\/index.php\/wohnung\/appartement-b17\/#primaryimage\",\"url\":\"https:\/\/ferien-berguen.ch\/wp-content\/uploads\/2017\/08\/IMG_4661-scaled.jpg\",\"contentUrl\":\"https:\/\/ferien-berguen.ch\/wp-content\/uploads\/2017\/08\/IMG_4661-scaled.jpg\",\"width\":2560,\"height\":1920,\"caption\":\"offener K\u00fcchenbereich\"},{\"@type\":\"BreadcrumbList\",\"@id\":\"https:\/\/ferien-berguen.ch\/index.php\/wohnung\/appartement-b17\/#breadcrumb\",\"itemListElement\":[{\"@type\":\"ListItem\",\"position\":1,\"name\":\"Startseite\",\"item\":\"https:\/\/ferien-berguen.ch\/\"},{\"@type\":\"ListItem\",\"position\":2,\"name\":\"Unterkunft\",\"item\":\"https:\/\/ferien-berguen.ch\/index.php\/wohnung\/\"},{\"@type\":\"ListItem\",\"position\":3,\"name\":\"Appartement B17\"}]},{\"@type\":\"WebSite\",\"@id\":\"https:\/\/ferien-berguen.ch\/#website\",\"url\":\"https:\/\/ferien-berguen.ch\/\",\"name\":\"Ferien Berg\u00fcn\",\"description\":\"Ferienwohnung in der Schweiz von privat mieten\",\"publisher\":{\"@id\":\"https:\/\/ferien-berguen.ch\/#organization\"},\"potentialAction\":[{\"@type\":\"SearchAction\",\"target\":{\"@type\":\"EntryPoint\",\"urlTemplate\":\"https:\/\/ferien-berguen.ch\/?s={search_term_string}\"},\"query-input\":{\"@type\":\"PropertyValueSpecification\",\"valueRequired\":true,\"valueName\":\"search_term_string\"}}],\"inLanguage\":\"de\"},{\"@type\":\"Organization\",\"@id\":\"https:\/\/ferien-berguen.ch\/#organization\",\"name\":\"Ferien Berg\u00fcn\",\"url\":\"https:\/\/ferien-berguen.ch\/\",\"logo\":{\"@type\":\"ImageObject\",\"inLanguage\":\"de\",\"@id\":\"https:\/\/ferien-berguen.ch\/#\/schema\/logo\/image\/\",\"url\":\"https:\/\/ferien-berguen.ch\/wp-content\/uploads\/2017\/09\/f535cbe0-5bd7-479f-b0c9-c1f174eba5c9.png\",\"contentUrl\":\"https:\/\/ferien-berguen.ch\/wp-content\/uploads\/2017\/09\/f535cbe0-5bd7-479f-b0c9-c1f174eba5c9.png\",\"width\":200,\"height\":200,\"caption\":\"Ferien Berg\u00fcn\"},\"image\":{\"@id\":\"https:\/\/ferien-berguen.ch\/#\/schema\/logo\/image\/\"}}]}<\/script>\n<!-- \/ Yoast SEO plugin. -->","yoast_head_json":{"title":"Appartement B17 - Ferien Berg\u00fcn","robots":{"index":"index","follow":"follow","max-snippet":"max-snippet:-1","max-image-preview":"max-image-preview:large","max-video-preview":"max-video-preview:-1"},"canonical":"https:\/\/ferien-berguen.ch\/index.php\/wohnung\/appartement-b17\/","og_locale":"de_DE","og_type":"article","og_title":"Appartement B17 - Ferien Berg\u00fcn","og_description":"2,5 Zimmerwohnung, 4 Betten Die gro\u00dfe, gem\u00fctliche Ferienwohnung f\u00fcr 2 Erwachsene und 1 Kind (ca. 66 Quadratmeter) befindet sich herrlich ruhig im Erdgeschoss gelegen, mit einem gro\u00dfen Terrassen-Sitzplatz und angrenzender riesiger umz\u00e4unter Rasenfl\u00e4che. Es gibt ein separates Schlafzimmer, ein gro\u00dfes Wohnzimmer mit 1 Schrankbett (normales Bett zum herunterklappen), eine offene, voll ausgestattete K\u00fcche mit Geschirrsp\u00fcler, [&hellip;]","og_url":"https:\/\/ferien-berguen.ch\/index.php\/wohnung\/appartement-b17\/","og_site_name":"Ferien Berg\u00fcn","article_modified_time":"2026-01-19T11:16:28+00:00","og_image":[{"width":2560,"height":1920,"url":"https:\/\/ferien-berguen.ch\/wp-content\/uploads\/2017\/08\/IMG_4661-scaled.jpg","type":"image\/jpeg"}],"twitter_card":"summary_large_image","twitter_misc":{"Gesch\u00e4tzte Lesezeit":"1\u00a0Minute"},"schema":{"@context":"https:\/\/schema.org","@graph":[{"@type":"WebPage","@id":"https:\/\/ferien-berguen.ch\/index.php\/wohnung\/appartement-b17\/","url":"https:\/\/ferien-berguen.ch\/index.php\/wohnung\/appartement-b17\/","name":"Appartement B17 - Ferien Berg\u00fcn","isPartOf":{"@id":"https:\/\/ferien-berguen.ch\/#website"},"primaryImageOfPage":{"@id":"https:\/\/ferien-berguen.ch\/index.php\/wohnung\/appartement-b17\/#primaryimage"},"image":{"@id":"https:\/\/ferien-berguen.ch\/index.php\/wohnung\/appartement-b17\/#primaryimage"},"thumbnailUrl":"https:\/\/ferien-berguen.ch\/wp-content\/uploads\/2017\/08\/IMG_4661-scaled.jpg","datePublished":"2017-08-22T15:45:40+00:00","dateModified":"2026-01-19T11:16:28+00:00","breadcrumb":{"@id":"https:\/\/ferien-berguen.ch\/index.php\/wohnung\/appartement-b17\/#breadcrumb"},"inLanguage":"de","potentialAction":[{"@type":"ReadAction","target":["https:\/\/ferien-berguen.ch\/index.php\/wohnung\/appartement-b17\/"]}]},{"@type":"ImageObject","inLanguage":"de","@id":"https:\/\/ferien-berguen.ch\/index.php\/wohnung\/appartement-b17\/#primaryimage","url":"https:\/\/ferien-berguen.ch\/wp-content\/uploads\/2017\/08\/IMG_4661-scaled.jpg","contentUrl":"https:\/\/ferien-berguen.ch\/wp-content\/uploads\/2017\/08\/IMG_4661-scaled.jpg","width":2560,"height":1920,"caption":"offener K\u00fcchenbereich"},{"@type":"BreadcrumbList","@id":"https:\/\/ferien-berguen.ch\/index.php\/wohnung\/appartement-b17\/#breadcrumb","itemListElement":[{"@type":"ListItem","position":1,"name":"Startseite","item":"https:\/\/ferien-berguen.ch\/"},{"@type":"ListItem","position":2,"name":"Unterkunft","item":"https:\/\/ferien-berguen.ch\/index.php\/wohnung\/"},{"@type":"ListItem","position":3,"name":"Appartement B17"}]},{"@type":"WebSite","@id":"https:\/\/ferien-berguen.ch\/#website","url":"https:\/\/ferien-berguen.ch\/","name":"Ferien Berg\u00fcn","description":"Ferienwohnung in der Schweiz von privat mieten","publisher":{"@id":"https:\/\/ferien-berguen.ch\/#organization"},"potentialAction":[{"@type":"SearchAction","target":{"@type":"EntryPoint","urlTemplate":"https:\/\/ferien-berguen.ch\/?s={search_term_string}"},"query-input":{"@type":"PropertyValueSpecification","valueRequired":true,"valueName":"search_term_string"}}],"inLanguage":"de"},{"@type":"Organization","@id":"https:\/\/ferien-berguen.ch\/#organization","name":"Ferien Berg\u00fcn","url":"https:\/\/ferien-berguen.ch\/","logo":{"@type":"ImageObject","inLanguage":"de","@id":"https:\/\/ferien-berguen.ch\/#\/schema\/logo\/image\/","url":"https:\/\/ferien-berguen.ch\/wp-content\/uploads\/2017\/09\/f535cbe0-5bd7-479f-b0c9-c1f174eba5c9.png","contentUrl":"https:\/\/ferien-berguen.ch\/wp-content\/uploads\/2017\/09\/f535cbe0-5bd7-479f-b0c9-c1f174eba5c9.png","width":200,"height":200,"caption":"Ferien Berg\u00fcn"},"image":{"@id":"https:\/\/ferien-berguen.ch\/#\/schema\/logo\/image\/"}}]}},"_links":{"self":[{"href":"https:\/\/ferien-berguen.ch\/index.php\/wp-json\/wp\/v2\/hb_accommodation\/8","targetHints":{"allow":["GET"]}}],"collection":[{"href":"https:\/\/ferien-berguen.ch\/index.php\/wp-json\/wp\/v2\/hb_accommodation"}],"about":[{"href":"https:\/\/ferien-berguen.ch\/index.php\/wp-json\/wp\/v2\/types\/hb_accommodation"}],"version-history":[{"count":10,"href":"https:\/\/ferien-berguen.ch\/index.php\/wp-json\/wp\/v2\/hb_accommodation\/8\/revisions"}],"predecessor-version":[{"id":20646,"href":"https:\/\/ferien-berguen.ch\/index.php\/wp-json\/wp\/v2\/hb_accommodation\/8\/revisions\/20646"}],"wp:featuredmedia":[{"embeddable":true,"href":"https:\/\/ferien-berguen.ch\/index.php\/wp-json\/wp\/v2\/media\/20111"}],"wp:attachment":[{"href":"https:\/\/ferien-berguen.ch\/index.php\/wp-json\/wp\/v2\/media?parent=8"}],"curies":[{"name":"wp","href":"https:\/\/api.w.org\/{rel}","templated":true}]}}