{"id":9,"date":"2017-08-22T17:48:20","date_gmt":"2017-08-22T15:48:20","guid":{"rendered":"https:\/\/ferien-berguen.ch\/?page_id=9"},"modified":"2024-09-29T10:17:07","modified_gmt":"2024-09-29T08:17:07","slug":"home","status":"publish","type":"page","link":"https:\/\/ferien-berguen.ch\/","title":{"rendered":"Home"},"content":{"rendered":"<p>Herzlich Willkommen und ein Gr\u00fcezi mitenand auf der Website zu meinen zwei sehr sch\u00f6nen Ferienwohnungen in Berg\u00fcn. Seit 1979 komme ich regelm\u00e4\u00dfig (meinen Eltern sei Dank) nach Berg\u00fcn. Und was soll ich sagen: auch wenn kaum jemand dieses herrliche <a href=\"http:\/\/www.berguen.ch\">Heididorf<\/a> zwischen Davos und Sankt Moritz kennt, ich pers\u00f6nlich komme jedes Jahr so oft wie m\u00f6glich her. Warum?<\/p>\n<div>\n<div>\n<div>\n<h4><strong>Die Top-5-Gr\u00fcnde warum Ferien in Berg\u00fcn f\u00fcr mich immer wieder toll sind:<\/strong><\/h4>\n<ol>\n<li>Da es hier noch Natur pur gibt.<\/li>\n<li>Es wird hier <strong>nie langweilig<\/strong>.<\/li>\n<li>Ich kann mich hier mit meiner Familie erholen, wie sonst fast nirgendwo.<\/li>\n<li>Die Wohnungen sind gem\u00fctlich und originell und ich f\u00fchle mich nicht wie im schwedischen M\u00f6belhaus oder in einem Hotel.<\/li>\n<li>Weil ich hier mit Familie und Freunden nicht nur Ski fahre, snowboarde oder wandere, sondern in einem der sch\u00f6nsten Seen der Schweiz bade, auf der NATUR-Eisbahn auf Schlittschuhen meine Runden drehe, mit Schneeschuhen von Berg zu Berg laufe, mit Lamas durch die T\u00e4ler ziehe, das Bike erst den Berg herauf schleppe [wie bescheuert eigentlich? ;-)] und dann wieder hinunter sause, den Schl\u00e4ger auf einem der sch\u00f6nsten Golfpl\u00e4tze der Alpen schwinge, einfach vorm Haus den \u201eVita Parcours\u201c ablaufe \u2026 und und und \u2026<\/li>\n<\/ol>\n<div>Ich habe mein Feriengl\u00fcck in Berg\u00fcn gefunden. Das w\u00fcrde ich gern mit Ihnen teilen und darum vermiete ich unsere Wohnungen gern auch an Sie. Zwei stehen zur Auswahl: eine <strong><a href=\"https:\/\/ferien-berguen.ch\/index.php\/wohnung\/appartement-b16\/\">kleine Feine<\/a><\/strong> mit Platz f\u00fcr bis zu drei Personen (ca. 45 qm). Zwei schlafen im Wandklappbett (sehr gute Matratzen* siehe Bewertungen), einer auf den ausklappbaren Schlafsofa.<\/div>\n<div><\/div>\n<div>Die <a href=\"https:\/\/ferien-berguen.ch\/index.php\/wohnung\/appartement-b17\/\"><strong>andere Ferienwohnung<\/strong><\/a> ist etwas gr\u00f6\u00dfer (ca. 66 qm), eigentlich f\u00fcr vier Personen mit einem separatem Schlafzimmer und einem Wandklappbett im Wohnzimmer.\u00a0 Beide Wohnungen liegen im Erdgeschoss nebeneinander, so dass man \u2013 sollte man mit Freunden oder gr\u00f6\u00dferer Familie anreisen \u2013 auch zusammen mieten kann.<\/div>\n<p>Genug der Schw\u00e4rmerei, machen Sie sich selbst ein <strong>Bild<\/strong> \u2026 und <strong>reservieren Sie<\/strong>, bevor es jemand Anderes tut. ?<\/p>\n<\/div>\n<\/div>\n<\/div>\n","protected":false},"excerpt":{"rendered":"<p>Herzlich Willkommen und ein Gr\u00fcezi mitenand auf der Website zu meinen zwei sehr sch\u00f6nen Ferienwohnungen in Berg\u00fcn. Seit 1979 komme ich regelm\u00e4\u00dfig (meinen Eltern sei Dank) nach Berg\u00fcn. Und was soll ich sagen: auch wenn kaum jemand dieses herrliche Heididorf zwischen Davos und Sankt Moritz kennt, ich pers\u00f6nlich komme jedes Jahr so oft wie m\u00f6glich [&hellip;]<\/p>\n","protected":false},"author":1,"featured_media":12,"parent":0,"menu_order":0,"comment_status":"closed","ping_status":"closed","template":"","meta":{"pgc_sgb_lightbox_settings":"","footnotes":""},"class_list":["post-9","page","type-page","status-publish","has-post-thumbnail","hentry"],"yoast_head":"<!-- This site is optimized with the Yoast SEO plugin v23.5 - https:\/\/yoast.com\/wordpress\/plugins\/seo\/ -->\n<title>Ferien Berg\u00fcn | Private Ferienwohnungsvermietung in der Schweiz<\/title>\n<meta name=\"description\" content=\"Ferien im wundersch\u00f6nen Berg\u00fcn\/Bravuogn in einer privat vermieteten Wohnung im Albulatal. Besuchen Sie die Schweiz in einer ruhigen naturellen Umgebung und \u00fcbernachten Sie in einer Ferienwohnung.\" \/>\n<meta name=\"robots\" content=\"index, follow, max-snippet:-1, max-image-preview:large, max-video-preview:-1\" \/>\n<link rel=\"canonical\" href=\"https:\/\/ferien-berguen.ch\/\" \/>\n<meta property=\"og:locale\" content=\"de_DE\" \/>\n<meta property=\"og:type\" content=\"article\" \/>\n<meta property=\"og:title\" content=\"Ferien Berg\u00fcn | Private Ferienwohnungsvermietung in der Schweiz\" \/>\n<meta property=\"og:description\" content=\"Ferien im wundersch\u00f6nen Berg\u00fcn\/Bravuogn in einer privat vermieteten Wohnung im Albulatal. Besuchen Sie die Schweiz in einer ruhigen naturellen Umgebung und \u00fcbernachten Sie in einer Ferienwohnung.\" \/>\n<meta property=\"og:url\" content=\"https:\/\/ferien-berguen.ch\/\" \/>\n<meta property=\"og:site_name\" content=\"Ferien Berg\u00fcn\" \/>\n<meta property=\"article:modified_time\" content=\"2024-09-29T08:17:07+00:00\" \/>\n<meta property=\"og:image\" content=\"https:\/\/ferien-berguen.ch\/wp-content\/uploads\/2017\/08\/Berg\u00fcn_Wasser-1024x576.jpg\" \/>\n\t<meta property=\"og:image:width\" content=\"1024\" \/>\n\t<meta property=\"og:image:height\" content=\"576\" \/>\n\t<meta property=\"og:image:type\" content=\"image\/jpeg\" \/>\n<meta name=\"twitter:card\" content=\"summary_large_image\" \/>\n<meta name=\"twitter:label1\" content=\"Gesch\u00e4tzte Lesezeit\" \/>\n\t<meta name=\"twitter:data1\" content=\"2\u00a0Minuten\" \/>\n<script type=\"application\/ld+json\" class=\"yoast-schema-graph\">{\"@context\":\"https:\/\/schema.org\",\"@graph\":[{\"@type\":\"WebPage\",\"@id\":\"https:\/\/ferien-berguen.ch\/\",\"url\":\"https:\/\/ferien-berguen.ch\/\",\"name\":\"Ferien Berg\u00fcn | Private Ferienwohnungsvermietung in der Schweiz\",\"isPartOf\":{\"@id\":\"https:\/\/ferien-berguen.ch\/#website\"},\"primaryImageOfPage\":{\"@id\":\"https:\/\/ferien-berguen.ch\/#primaryimage\"},\"image\":{\"@id\":\"https:\/\/ferien-berguen.ch\/#primaryimage\"},\"thumbnailUrl\":\"https:\/\/ferien-berguen.ch\/wp-content\/uploads\/2017\/08\/Berg\u00fcn_Wasser.jpg\",\"datePublished\":\"2017-08-22T15:48:20+00:00\",\"dateModified\":\"2024-09-29T08:17:07+00:00\",\"description\":\"Ferien im wundersch\u00f6nen Berg\u00fcn\/Bravuogn in einer privat vermieteten Wohnung im Albulatal. Besuchen Sie die Schweiz in einer ruhigen naturellen Umgebung und \u00fcbernachten Sie in einer Ferienwohnung.\",\"breadcrumb\":{\"@id\":\"https:\/\/ferien-berguen.ch\/#breadcrumb\"},\"inLanguage\":\"de\",\"potentialAction\":[{\"@type\":\"ReadAction\",\"target\":[\"https:\/\/ferien-berguen.ch\/\"]}]},{\"@type\":\"ImageObject\",\"inLanguage\":\"de\",\"@id\":\"https:\/\/ferien-berguen.ch\/#primaryimage\",\"url\":\"https:\/\/ferien-berguen.ch\/wp-content\/uploads\/2017\/08\/Berg\u00fcn_Wasser.jpg\",\"contentUrl\":\"https:\/\/ferien-berguen.ch\/wp-content\/uploads\/2017\/08\/Berg\u00fcn_Wasser.jpg\",\"width\":3217,\"height\":1809,\"caption\":\"Palpuognasee bei Berg\u00fcn\"},{\"@type\":\"BreadcrumbList\",\"@id\":\"https:\/\/ferien-berguen.ch\/#breadcrumb\",\"itemListElement\":[{\"@type\":\"ListItem\",\"position\":1,\"name\":\"Startseite\",\"item\":\"https:\/\/ferien-berguen.ch\/\"},{\"@type\":\"ListItem\",\"position\":2,\"name\":\"Home\"}]},{\"@type\":\"WebSite\",\"@id\":\"https:\/\/ferien-berguen.ch\/#website\",\"url\":\"https:\/\/ferien-berguen.ch\/\",\"name\":\"Ferien Berg\u00fcn\",\"description\":\"Ferienwohnung in der Schweiz von privat mieten\",\"publisher\":{\"@id\":\"https:\/\/ferien-berguen.ch\/#organization\"},\"potentialAction\":[{\"@type\":\"SearchAction\",\"target\":{\"@type\":\"EntryPoint\",\"urlTemplate\":\"https:\/\/ferien-berguen.ch\/?s={search_term_string}\"},\"query-input\":{\"@type\":\"PropertyValueSpecification\",\"valueRequired\":true,\"valueName\":\"search_term_string\"}}],\"inLanguage\":\"de\"},{\"@type\":\"Organization\",\"@id\":\"https:\/\/ferien-berguen.ch\/#organization\",\"name\":\"Ferien Berg\u00fcn\",\"url\":\"https:\/\/ferien-berguen.ch\/\",\"logo\":{\"@type\":\"ImageObject\",\"inLanguage\":\"de\",\"@id\":\"https:\/\/ferien-berguen.ch\/#\/schema\/logo\/image\/\",\"url\":\"https:\/\/ferien-berguen.ch\/wp-content\/uploads\/2017\/09\/f535cbe0-5bd7-479f-b0c9-c1f174eba5c9.png\",\"contentUrl\":\"https:\/\/ferien-berguen.ch\/wp-content\/uploads\/2017\/09\/f535cbe0-5bd7-479f-b0c9-c1f174eba5c9.png\",\"width\":200,\"height\":200,\"caption\":\"Ferien Berg\u00fcn\"},\"image\":{\"@id\":\"https:\/\/ferien-berguen.ch\/#\/schema\/logo\/image\/\"}}]}<\/script>\n<!-- \/ Yoast SEO plugin. -->","yoast_head_json":{"title":"Ferien Berg\u00fcn | Private Ferienwohnungsvermietung in der Schweiz","description":"Ferien im wundersch\u00f6nen Berg\u00fcn\/Bravuogn in einer privat vermieteten Wohnung im Albulatal. Besuchen Sie die Schweiz in einer ruhigen naturellen Umgebung und \u00fcbernachten Sie in einer Ferienwohnung.","robots":{"index":"index","follow":"follow","max-snippet":"max-snippet:-1","max-image-preview":"max-image-preview:large","max-video-preview":"max-video-preview:-1"},"canonical":"https:\/\/ferien-berguen.ch\/","og_locale":"de_DE","og_type":"article","og_title":"Ferien Berg\u00fcn | Private Ferienwohnungsvermietung in der Schweiz","og_description":"Ferien im wundersch\u00f6nen Berg\u00fcn\/Bravuogn in einer privat vermieteten Wohnung im Albulatal. Besuchen Sie die Schweiz in einer ruhigen naturellen Umgebung und \u00fcbernachten Sie in einer Ferienwohnung.","og_url":"https:\/\/ferien-berguen.ch\/","og_site_name":"Ferien Berg\u00fcn","article_modified_time":"2024-09-29T08:17:07+00:00","og_image":[{"width":1024,"height":576,"url":"https:\/\/ferien-berguen.ch\/wp-content\/uploads\/2017\/08\/Berg\u00fcn_Wasser-1024x576.jpg","type":"image\/jpeg"}],"twitter_card":"summary_large_image","twitter_misc":{"Gesch\u00e4tzte Lesezeit":"2\u00a0Minuten"},"schema":{"@context":"https:\/\/schema.org","@graph":[{"@type":"WebPage","@id":"https:\/\/ferien-berguen.ch\/","url":"https:\/\/ferien-berguen.ch\/","name":"Ferien Berg\u00fcn | Private Ferienwohnungsvermietung in der Schweiz","isPartOf":{"@id":"https:\/\/ferien-berguen.ch\/#website"},"primaryImageOfPage":{"@id":"https:\/\/ferien-berguen.ch\/#primaryimage"},"image":{"@id":"https:\/\/ferien-berguen.ch\/#primaryimage"},"thumbnailUrl":"https:\/\/ferien-berguen.ch\/wp-content\/uploads\/2017\/08\/Berg\u00fcn_Wasser.jpg","datePublished":"2017-08-22T15:48:20+00:00","dateModified":"2024-09-29T08:17:07+00:00","description":"Ferien im wundersch\u00f6nen Berg\u00fcn\/Bravuogn in einer privat vermieteten Wohnung im Albulatal. Besuchen Sie die Schweiz in einer ruhigen naturellen Umgebung und \u00fcbernachten Sie in einer Ferienwohnung.","breadcrumb":{"@id":"https:\/\/ferien-berguen.ch\/#breadcrumb"},"inLanguage":"de","potentialAction":[{"@type":"ReadAction","target":["https:\/\/ferien-berguen.ch\/"]}]},{"@type":"ImageObject","inLanguage":"de","@id":"https:\/\/ferien-berguen.ch\/#primaryimage","url":"https:\/\/ferien-berguen.ch\/wp-content\/uploads\/2017\/08\/Berg\u00fcn_Wasser.jpg","contentUrl":"https:\/\/ferien-berguen.ch\/wp-content\/uploads\/2017\/08\/Berg\u00fcn_Wasser.jpg","width":3217,"height":1809,"caption":"Palpuognasee bei Berg\u00fcn"},{"@type":"BreadcrumbList","@id":"https:\/\/ferien-berguen.ch\/#breadcrumb","itemListElement":[{"@type":"ListItem","position":1,"name":"Startseite","item":"https:\/\/ferien-berguen.ch\/"},{"@type":"ListItem","position":2,"name":"Home"}]},{"@type":"WebSite","@id":"https:\/\/ferien-berguen.ch\/#website","url":"https:\/\/ferien-berguen.ch\/","name":"Ferien Berg\u00fcn","description":"Ferienwohnung in der Schweiz von privat mieten","publisher":{"@id":"https:\/\/ferien-berguen.ch\/#organization"},"potentialAction":[{"@type":"SearchAction","target":{"@type":"EntryPoint","urlTemplate":"https:\/\/ferien-berguen.ch\/?s={search_term_string}"},"query-input":{"@type":"PropertyValueSpecification","valueRequired":true,"valueName":"search_term_string"}}],"inLanguage":"de"},{"@type":"Organization","@id":"https:\/\/ferien-berguen.ch\/#organization","name":"Ferien Berg\u00fcn","url":"https:\/\/ferien-berguen.ch\/","logo":{"@type":"ImageObject","inLanguage":"de","@id":"https:\/\/ferien-berguen.ch\/#\/schema\/logo\/image\/","url":"https:\/\/ferien-berguen.ch\/wp-content\/uploads\/2017\/09\/f535cbe0-5bd7-479f-b0c9-c1f174eba5c9.png","contentUrl":"https:\/\/ferien-berguen.ch\/wp-content\/uploads\/2017\/09\/f535cbe0-5bd7-479f-b0c9-c1f174eba5c9.png","width":200,"height":200,"caption":"Ferien Berg\u00fcn"},"image":{"@id":"https:\/\/ferien-berguen.ch\/#\/schema\/logo\/image\/"}}]}},"_links":{"self":[{"href":"https:\/\/ferien-berguen.ch\/index.php\/wp-json\/wp\/v2\/pages\/9","targetHints":{"allow":["GET"]}}],"collection":[{"href":"https:\/\/ferien-berguen.ch\/index.php\/wp-json\/wp\/v2\/pages"}],"about":[{"href":"https:\/\/ferien-berguen.ch\/index.php\/wp-json\/wp\/v2\/types\/page"}],"author":[{"embeddable":true,"href":"https:\/\/ferien-berguen.ch\/index.php\/wp-json\/wp\/v2\/users\/1"}],"replies":[{"embeddable":true,"href":"https:\/\/ferien-berguen.ch\/index.php\/wp-json\/wp\/v2\/comments?post=9"}],"version-history":[{"count":10,"href":"https:\/\/ferien-berguen.ch\/index.php\/wp-json\/wp\/v2\/pages\/9\/revisions"}],"predecessor-version":[{"id":16814,"href":"https:\/\/ferien-berguen.ch\/index.php\/wp-json\/wp\/v2\/pages\/9\/revisions\/16814"}],"wp:featuredmedia":[{"embeddable":true,"href":"https:\/\/ferien-berguen.ch\/index.php\/wp-json\/wp\/v2\/media\/12"}],"wp:attachment":[{"href":"https:\/\/ferien-berguen.ch\/index.php\/wp-json\/wp\/v2\/media?parent=9"}],"curies":[{"name":"wp","href":"https:\/\/api.w.org\/{rel}","templated":true}]}}